{"id":2324,"date":"2021-04-13T21:09:42","date_gmt":"2021-04-13T19:09:42","guid":{"rendered":"http:\/\/konekt-art.pl\/?page_id=2324"},"modified":"2021-11-28T15:32:15","modified_gmt":"2021-11-28T14:32:15","slug":"markizy-pergole","status":"publish","type":"page","link":"https:\/\/konekt-art.pl\/index.php\/markizy-pergole\/","title":{"rendered":"Markiza, Pergola SUNTECH"},"content":{"rendered":"\n<p>Najwa\u017cniejsz\u0105 funkcj\u0105 markizy, pergoli lub Ogrodu zimowego jest ochrona przed s\u0142o\u0144cem i ciep\u0142em. Latem gdy temperatury si\u0119gaj\u0105 czasami nawet +30\u00b0C potrzebujemy nic wi\u0119cej ni\u017c odrobine ch\u0142odu. <\/p>\n\n\n\n<p>Markiza. <\/p>\n\n\n\n<figure class=\"wp-block-gallery columns-1 is-cropped wp-block-gallery-1 is-layout-flex wp-block-gallery-is-layout-flex\"><ul class=\"blocks-gallery-grid\"><li class=\"blocks-gallery-item\"><figure><img loading=\"lazy\" decoding=\"async\" width=\"1024\" height=\"558\" src=\"http:\/\/konekt-art.pl\/wp-content\/uploads\/2021\/11\/IMG_6608-2-1024x558.jpg\" alt=\"\" data-id=\"2482\" data-full-url=\"http:\/\/konekt-art.pl\/wp-content\/uploads\/2021\/11\/IMG_6608-2.jpg\" data-link=\"http:\/\/konekt-art.pl\/index.php\/markizy\/img_6608-2\/#main\" class=\"wp-image-2482\" srcset=\"https:\/\/konekt-art.pl\/wp-content\/uploads\/2021\/11\/IMG_6608-2-1024x558.jpg 1024w, https:\/\/konekt-art.pl\/wp-content\/uploads\/2021\/11\/IMG_6608-2-300x163.jpg 300w, https:\/\/konekt-art.pl\/wp-content\/uploads\/2021\/11\/IMG_6608-2-768x418.jpg 768w, https:\/\/konekt-art.pl\/wp-content\/uploads\/2021\/11\/IMG_6608-2.jpg 1170w\" sizes=\"auto, (max-width: 1024px) 100vw, 1024px\" \/><\/figure><\/li><\/ul><\/figure>\n\n\n\n<p>Idealnym rozwi\u0105zaniem jest Markiza. Mo\u017cna j\u0105 zastosowa\u0107 zar\u00f3wno na balkonie jak i tarasie. roz\u0142o\u017cona markiza odczuwalnie zmniejsza temperatur\u0119 w mieszkaniu. Mo\u017cna zostawi\u0107 drzwi balkonowe otwarty a cie\u0144, kt\u00f3ry pada na balkon lub taras och\u0142adza powietrze. Dzi\u0119ki temu powietrze, kt\u00f3re wpada do mieszkania jest odczuwalnie ch\u0142odniejsze. <\/p>\n\n\n\n<figure class=\"wp-block-gallery columns-1 is-cropped wp-block-gallery-2 is-layout-flex wp-block-gallery-is-layout-flex\"><ul class=\"blocks-gallery-grid\"><li class=\"blocks-gallery-item\"><figure><img loading=\"lazy\" decoding=\"async\" width=\"720\" height=\"960\" src=\"http:\/\/konekt-art.pl\/wp-content\/uploads\/2021\/11\/IMG_5663.jpg\" alt=\"\" data-id=\"2483\" data-full-url=\"http:\/\/konekt-art.pl\/wp-content\/uploads\/2021\/11\/IMG_5663.jpg\" data-link=\"http:\/\/konekt-art.pl\/index.php\/markizy\/img_5663-2\/#main\" class=\"wp-image-2483\" srcset=\"https:\/\/konekt-art.pl\/wp-content\/uploads\/2021\/11\/IMG_5663.jpg 720w, https:\/\/konekt-art.pl\/wp-content\/uploads\/2021\/11\/IMG_5663-225x300.jpg 225w\" sizes=\"auto, (max-width: 720px) 100vw, 720px\" \/><\/figure><\/li><\/ul><\/figure>\n\n\n\n<p>W ofercie mamy markizy bez kasety, kt\u00f3re idealnie nadaj\u0105 sie na balkony lub w miejsca, nad kt\u00f3rym jest zadaszenie oraz s\u0105 funkcjonalne i ekonomiczne. Markiza nie potrzebuje kasety, gdy\u017c balkon lub daszek na ni\u0105 chroni p\u0142\u00f3tno i mechanizm przez warunkami atmosferycznymi. Markizy w p\u00f3\u0142kasecie lub pe\u0142nej kasecie chroni\u0105 p\u0142\u00f3tno oraz ramiona przed opadami. <\/p>\n\n\n\n<p>Odpowiednio dobrana tkanina potrafi zredukowa\u0107 nawet do 80% promieni s\u0142onecznych co na d\u0142u\u017csza met\u0119 obni\u017cy koszty klimatyzacji. <\/p>\n\n\n\n<figure class=\"wp-block-gallery columns-1 is-cropped wp-block-gallery-3 is-layout-flex wp-block-gallery-is-layout-flex\"><ul class=\"blocks-gallery-grid\"><li class=\"blocks-gallery-item\"><figure><img loading=\"lazy\" decoding=\"async\" width=\"883\" height=\"535\" src=\"http:\/\/konekt-art.pl\/wp-content\/uploads\/2021\/11\/IMG_5648.jpeg\" alt=\"\" data-id=\"2484\" data-full-url=\"http:\/\/konekt-art.pl\/wp-content\/uploads\/2021\/11\/IMG_5648.jpeg\" data-link=\"http:\/\/konekt-art.pl\/index.php\/markizy\/img_5648-2\/#main\" class=\"wp-image-2484\" srcset=\"https:\/\/konekt-art.pl\/wp-content\/uploads\/2021\/11\/IMG_5648.jpeg 883w, https:\/\/konekt-art.pl\/wp-content\/uploads\/2021\/11\/IMG_5648-300x182.jpeg 300w, https:\/\/konekt-art.pl\/wp-content\/uploads\/2021\/11\/IMG_5648-768x465.jpeg 768w, https:\/\/konekt-art.pl\/wp-content\/uploads\/2021\/11\/IMG_5648-240x145.jpeg 240w\" sizes=\"auto, (max-width: 883px) 100vw, 883px\" \/><\/figure><\/li><\/ul><\/figure>\n\n\n\n<p>Pergola SUNTECH<\/p>\n\n\n\n<p>Masz pi\u0119kny du\u017cy taras? Mo\u017ce masz pi\u0119knie urz\u0105dzony ogr\u00f3d kt\u00f3remu co\u015b brakuje? przedstawiamy pergole SUNTECH<\/p>\n\n\n\n<figure class=\"wp-block-gallery columns-2 is-cropped wp-block-gallery-4 is-layout-flex wp-block-gallery-is-layout-flex\"><ul class=\"blocks-gallery-grid\"><li class=\"blocks-gallery-item\"><figure><img loading=\"lazy\" decoding=\"async\" width=\"1024\" height=\"674\" src=\"http:\/\/konekt-art.pl\/wp-content\/uploads\/2021\/11\/3-1024x674.jpg\" alt=\"\" data-id=\"2485\" data-full-url=\"http:\/\/konekt-art.pl\/wp-content\/uploads\/2021\/11\/3.jpg\" data-link=\"http:\/\/konekt-art.pl\/index.php\/markizy\/3-5\/#main\" class=\"wp-image-2485\" srcset=\"https:\/\/konekt-art.pl\/wp-content\/uploads\/2021\/11\/3-1024x674.jpg 1024w, https:\/\/konekt-art.pl\/wp-content\/uploads\/2021\/11\/3-300x197.jpg 300w, https:\/\/konekt-art.pl\/wp-content\/uploads\/2021\/11\/3-768x506.jpg 768w, https:\/\/konekt-art.pl\/wp-content\/uploads\/2021\/11\/3-1536x1011.jpg 1536w, https:\/\/konekt-art.pl\/wp-content\/uploads\/2021\/11\/3.jpg 2048w\" sizes=\"auto, (max-width: 1024px) 100vw, 1024px\" \/><\/figure><\/li><li class=\"blocks-gallery-item\"><figure><img loading=\"lazy\" decoding=\"async\" width=\"1024\" height=\"674\" src=\"http:\/\/konekt-art.pl\/wp-content\/uploads\/2021\/11\/2-1024x674.jpg\" alt=\"\" data-id=\"2486\" data-full-url=\"http:\/\/konekt-art.pl\/wp-content\/uploads\/2021\/11\/2.jpg\" data-link=\"http:\/\/konekt-art.pl\/index.php\/markizy\/2-5\/#main\" class=\"wp-image-2486\" srcset=\"https:\/\/konekt-art.pl\/wp-content\/uploads\/2021\/11\/2-1024x674.jpg 1024w, https:\/\/konekt-art.pl\/wp-content\/uploads\/2021\/11\/2-300x197.jpg 300w, https:\/\/konekt-art.pl\/wp-content\/uploads\/2021\/11\/2-768x506.jpg 768w, https:\/\/konekt-art.pl\/wp-content\/uploads\/2021\/11\/2-1536x1011.jpg 1536w, https:\/\/konekt-art.pl\/wp-content\/uploads\/2021\/11\/2.jpg 2048w\" sizes=\"auto, (max-width: 1024px) 100vw, 1024px\" \/><\/figure><\/li><\/ul><\/figure>\n\n\n\n<p>Produkt ten jest pi\u0119knym uzupe\u0142nieniem Pa\u0144stwa ogrodu. Produkt wyst\u0119puje w trzech ods\u0142onach: Pergola z rozsuwanym dachem, Pergola z obracanymi lamelami oraz Pergola materia\u0142owa. Do tego dysponujemy pi\u0119knymi dodatkami jak: boczne \u015bciany przeszklone, boczne rolety ZIP oraz pi\u0119kne o\u015bwietlenie oraz czujniki. <\/p>\n\n\n\n<figure class=\"wp-block-gallery columns-2 is-cropped wp-block-gallery-5 is-layout-flex wp-block-gallery-is-layout-flex\"><ul class=\"blocks-gallery-grid\"><li class=\"blocks-gallery-item\"><figure><img loading=\"lazy\" decoding=\"async\" width=\"1024\" height=\"547\" src=\"http:\/\/konekt-art.pl\/wp-content\/uploads\/2021\/11\/Aerolux-Logo-IPS-2-1024x547.jpg\" alt=\"\" data-id=\"2487\" data-full-url=\"http:\/\/konekt-art.pl\/wp-content\/uploads\/2021\/11\/Aerolux-Logo-IPS-2.jpg\" data-link=\"http:\/\/konekt-art.pl\/index.php\/markizy\/aerolux-logo-ips-2\/#main\" class=\"wp-image-2487\" srcset=\"https:\/\/konekt-art.pl\/wp-content\/uploads\/2021\/11\/Aerolux-Logo-IPS-2-1024x547.jpg 1024w, https:\/\/konekt-art.pl\/wp-content\/uploads\/2021\/11\/Aerolux-Logo-IPS-2-300x160.jpg 300w, https:\/\/konekt-art.pl\/wp-content\/uploads\/2021\/11\/Aerolux-Logo-IPS-2-768x410.jpg 768w, https:\/\/konekt-art.pl\/wp-content\/uploads\/2021\/11\/Aerolux-Logo-IPS-2-1536x820.jpg 1536w, https:\/\/konekt-art.pl\/wp-content\/uploads\/2021\/11\/Aerolux-Logo-IPS-2.jpg 1875w\" sizes=\"auto, (max-width: 1024px) 100vw, 1024px\" \/><\/figure><\/li><li class=\"blocks-gallery-item\"><figure><img loading=\"lazy\" decoding=\"async\" width=\"1024\" height=\"683\" src=\"http:\/\/konekt-art.pl\/wp-content\/uploads\/2021\/11\/Aerolux-IPS-Logo-1-1024x683.jpg\" alt=\"\" data-id=\"2488\" data-full-url=\"http:\/\/konekt-art.pl\/wp-content\/uploads\/2021\/11\/Aerolux-IPS-Logo-1.jpg\" data-link=\"http:\/\/konekt-art.pl\/index.php\/markizy\/aerolux-ips-logo-1\/#main\" class=\"wp-image-2488\" srcset=\"https:\/\/konekt-art.pl\/wp-content\/uploads\/2021\/11\/Aerolux-IPS-Logo-1-1024x683.jpg 1024w, https:\/\/konekt-art.pl\/wp-content\/uploads\/2021\/11\/Aerolux-IPS-Logo-1-300x200.jpg 300w, https:\/\/konekt-art.pl\/wp-content\/uploads\/2021\/11\/Aerolux-IPS-Logo-1-768x512.jpg 768w, https:\/\/konekt-art.pl\/wp-content\/uploads\/2021\/11\/Aerolux-IPS-Logo-1.jpg 1500w\" sizes=\"auto, (max-width: 1024px) 100vw, 1024px\" \/><\/figure><\/li><\/ul><\/figure>\n\n\n\n<p>Pergola Ogrodowa z rozsuwanym dachem Aerolux, to rozwi\u0105zanie dla klient\u00f3w o najwy\u017cszych wymaganiach. \u0141\u0105czy w sobie zalety pergoli bioklimatycznej oraz tradycyjnej zabudowy tarasu. <\/p>\n\n\n\n<p>Pergola ogrodowa z obracanymi lamelami dzi\u0119ki kt\u00f3rym mo\u017cna zarz\u0105dza\u0107 ilo\u015b\u0107 wpadaj\u0105cego \u015bwiat\u0142a. Pergole lamelowe to produkt ch\u0119tnie wybierany przez w\u0142a\u015bcicieli dom\u00f3w jednorodzinnych jak i nieruchomo\u015bci rekreacyjnych. Dzi\u0119ki dodatkom mo\u017cna sw\u00f3j pi\u0119kny taras przekszta\u0142ci\u0107 w miejsce wielosezonowe. <\/p>\n","protected":false},"excerpt":{"rendered":"<p>Najwa\u017cniejsz\u0105 funkcj\u0105 markizy, pergoli lub Ogrodu zimowego jest ochrona przed s\u0142o\u0144cem i ciep\u0142em. Latem gdy temperatury si\u0119gaj\u0105 czasami nawet +30\u00b0C potrzebujemy nic wi\u0119cej ni\u017c odrobine ch\u0142odu. Markiza. Idealnym rozwi\u0105zaniem jest Markiza. Mo\u017cna j\u0105 zastosowa\u0107 zar\u00f3wno na balkonie jak i tarasie. roz\u0142o\u017cona markiza odczuwalnie zmniejsza temperatur\u0119 w mieszkaniu. Mo\u017cna zostawi\u0107 drzwi balkonowe otwarty a cie\u0144, kt\u00f3ry&#8230; <\/p>\n","protected":false},"author":1,"featured_media":2489,"parent":0,"menu_order":0,"comment_status":"closed","ping_status":"closed","template":"","meta":{"footnotes":""},"class_list":["post-2324","page","type-page","status-publish","has-post-thumbnail","hentry"],"featured_image_urls":{"full":["https:\/\/konekt-art.pl\/wp-content\/uploads\/2021\/11\/Aerolux_Florya_11-Logo-IPS.jpg",855,570,false],"thumbnail":["https:\/\/konekt-art.pl\/wp-content\/uploads\/2021\/11\/Aerolux_Florya_11-Logo-IPS-150x150.jpg",150,150,true],"medium":["https:\/\/konekt-art.pl\/wp-content\/uploads\/2021\/11\/Aerolux_Florya_11-Logo-IPS-300x200.jpg",300,200,true],"medium_large":["https:\/\/konekt-art.pl\/wp-content\/uploads\/2021\/11\/Aerolux_Florya_11-Logo-IPS-768x512.jpg",768,512,true],"large":["https:\/\/konekt-art.pl\/wp-content\/uploads\/2021\/11\/Aerolux_Florya_11-Logo-IPS.jpg",855,570,false],"1536x1536":["https:\/\/konekt-art.pl\/wp-content\/uploads\/2021\/11\/Aerolux_Florya_11-Logo-IPS.jpg",855,570,false],"2048x2048":["https:\/\/konekt-art.pl\/wp-content\/uploads\/2021\/11\/Aerolux_Florya_11-Logo-IPS.jpg",855,570,false],"homepage-thumb":["https:\/\/konekt-art.pl\/wp-content\/uploads\/2021\/11\/Aerolux_Florya_11-Logo-IPS-240x145.jpg",240,145,true]},"post_excerpt_stackable":"<p>Najwa\u017cniejsz\u0105 funkcj\u0105 markizy, pergoli lub Ogrodu zimowego jest ochrona przed s\u0142o\u0144cem i ciep\u0142em. Latem gdy temperatury si\u0119gaj\u0105 czasami nawet +30\u00b0C potrzebujemy nic wi\u0119cej ni\u017c odrobine ch\u0142odu. Markiza. Idealnym rozwi\u0105zaniem jest Markiza. Mo\u017cna j\u0105 zastosowa\u0107 zar\u00f3wno na balkonie jak i tarasie. roz\u0142o\u017cona markiza odczuwalnie zmniejsza temperatur\u0119 w mieszkaniu. Mo\u017cna zostawi\u0107 drzwi balkonowe otwarty a cie\u0144, kt\u00f3ry pada na balkon lub taras och\u0142adza powietrze. Dzi\u0119ki temu powietrze, kt\u00f3re wpada do mieszkania jest odczuwalnie ch\u0142odniejsze. W ofercie mamy markizy bez kasety, kt\u00f3re idealnie nadaj\u0105 sie na balkony lub w miejsca, nad kt\u00f3rym jest zadaszenie oraz s\u0105 funkcjonalne i ekonomiczne. Markiza nie potrzebuje kasety,&hellip;<\/p>\n","category_list":"","author_info":{"name":"admin","url":"https:\/\/konekt-art.pl\/index.php\/author\/admin\/"},"comments_num":"0 comments","yoast_head":"<!-- This site is optimized with the Yoast SEO plugin v16.1.1 - https:\/\/yoast.com\/wordpress\/plugins\/seo\/ -->\n<title>Markiza, Pergola SUNTECH - Konekt-art<\/title>\n<link rel=\"canonical\" href=\"https:\/\/konekt-art.pl\/index.php\/markizy-pergole\/\" \/>\n<meta property=\"og:locale\" content=\"pl_PL\" \/>\n<meta property=\"og:type\" content=\"article\" \/>\n<meta property=\"og:title\" content=\"Markiza, Pergola SUNTECH - Konekt-art\" \/>\n<meta property=\"og:description\" content=\"Najwa\u017cniejsz\u0105 funkcj\u0105 markizy, pergoli lub Ogrodu zimowego jest ochrona przed s\u0142o\u0144cem i ciep\u0142em. Latem gdy temperatury si\u0119gaj\u0105 czasami nawet +30\u00b0C potrzebujemy nic wi\u0119cej ni\u017c odrobine ch\u0142odu. Markiza. Idealnym rozwi\u0105zaniem jest Markiza. Mo\u017cna j\u0105 zastosowa\u0107 zar\u00f3wno na balkonie jak i tarasie. roz\u0142o\u017cona markiza odczuwalnie zmniejsza temperatur\u0119 w mieszkaniu. Mo\u017cna zostawi\u0107 drzwi balkonowe otwarty a cie\u0144, kt\u00f3ry...\" \/>\n<meta property=\"og:url\" content=\"https:\/\/konekt-art.pl\/index.php\/markizy-pergole\/\" \/>\n<meta property=\"og:site_name\" content=\"Konekt-art\" \/>\n<meta property=\"article:modified_time\" content=\"2021-11-28T14:32:15+00:00\" \/>\n<meta property=\"og:image\" content=\"https:\/\/konekt-art.pl\/wp-content\/uploads\/2021\/11\/Aerolux_Florya_11-Logo-IPS.jpg\" \/>\n\t<meta property=\"og:image:width\" content=\"855\" \/>\n\t<meta property=\"og:image:height\" content=\"570\" \/>\n<meta name=\"twitter:card\" content=\"summary_large_image\" \/>\n<meta name=\"twitter:label1\" content=\"Szacowany czas czytania\">\n\t<meta name=\"twitter:data1\" content=\"3 minuty\">\n<script type=\"application\/ld+json\" class=\"yoast-schema-graph\">{\"@context\":\"https:\/\/schema.org\",\"@graph\":[{\"@type\":\"WebSite\",\"@id\":\"https:\/\/konekt-art.pl\/#website\",\"url\":\"https:\/\/konekt-art.pl\/\",\"name\":\"Konekt-art\",\"description\":\"\",\"potentialAction\":[{\"@type\":\"SearchAction\",\"target\":\"https:\/\/konekt-art.pl\/?s={search_term_string}\",\"query-input\":\"required name=search_term_string\"}],\"inLanguage\":\"pl-PL\"},{\"@type\":\"ImageObject\",\"@id\":\"https:\/\/konekt-art.pl\/index.php\/markizy-pergole\/#primaryimage\",\"inLanguage\":\"pl-PL\",\"url\":\"https:\/\/konekt-art.pl\/wp-content\/uploads\/2021\/11\/Aerolux_Florya_11-Logo-IPS.jpg\",\"contentUrl\":\"https:\/\/konekt-art.pl\/wp-content\/uploads\/2021\/11\/Aerolux_Florya_11-Logo-IPS.jpg\",\"width\":855,\"height\":570},{\"@type\":\"WebPage\",\"@id\":\"https:\/\/konekt-art.pl\/index.php\/markizy-pergole\/#webpage\",\"url\":\"https:\/\/konekt-art.pl\/index.php\/markizy-pergole\/\",\"name\":\"Markiza, Pergola SUNTECH - Konekt-art\",\"isPartOf\":{\"@id\":\"https:\/\/konekt-art.pl\/#website\"},\"primaryImageOfPage\":{\"@id\":\"https:\/\/konekt-art.pl\/index.php\/markizy-pergole\/#primaryimage\"},\"datePublished\":\"2021-04-13T19:09:42+00:00\",\"dateModified\":\"2021-11-28T14:32:15+00:00\",\"breadcrumb\":{\"@id\":\"https:\/\/konekt-art.pl\/index.php\/markizy-pergole\/#breadcrumb\"},\"inLanguage\":\"pl-PL\",\"potentialAction\":[{\"@type\":\"ReadAction\",\"target\":[\"https:\/\/konekt-art.pl\/index.php\/markizy-pergole\/\"]}]},{\"@type\":\"BreadcrumbList\",\"@id\":\"https:\/\/konekt-art.pl\/index.php\/markizy-pergole\/#breadcrumb\",\"itemListElement\":[{\"@type\":\"ListItem\",\"position\":1,\"item\":{\"@type\":\"WebPage\",\"@id\":\"https:\/\/konekt-art.pl\/\",\"url\":\"https:\/\/konekt-art.pl\/\",\"name\":\"Strona G\\u0142\\u00f3wna\"}},{\"@type\":\"ListItem\",\"position\":2,\"item\":{\"@type\":\"WebPage\",\"@id\":\"https:\/\/konekt-art.pl\/index.php\/markizy-pergole\/\",\"url\":\"https:\/\/konekt-art.pl\/index.php\/markizy-pergole\/\",\"name\":\"Markiza, Pergola SUNTECH\"}}]}]}<\/script>\n<!-- \/ Yoast SEO plugin. -->","_links":{"self":[{"href":"https:\/\/konekt-art.pl\/index.php\/wp-json\/wp\/v2\/pages\/2324","targetHints":{"allow":["GET"]}}],"collection":[{"href":"https:\/\/konekt-art.pl\/index.php\/wp-json\/wp\/v2\/pages"}],"about":[{"href":"https:\/\/konekt-art.pl\/index.php\/wp-json\/wp\/v2\/types\/page"}],"author":[{"embeddable":true,"href":"https:\/\/konekt-art.pl\/index.php\/wp-json\/wp\/v2\/users\/1"}],"replies":[{"embeddable":true,"href":"https:\/\/konekt-art.pl\/index.php\/wp-json\/wp\/v2\/comments?post=2324"}],"version-history":[{"count":3,"href":"https:\/\/konekt-art.pl\/index.php\/wp-json\/wp\/v2\/pages\/2324\/revisions"}],"predecessor-version":[{"id":2492,"href":"https:\/\/konekt-art.pl\/index.php\/wp-json\/wp\/v2\/pages\/2324\/revisions\/2492"}],"wp:featuredmedia":[{"embeddable":true,"href":"https:\/\/konekt-art.pl\/index.php\/wp-json\/wp\/v2\/media\/2489"}],"wp:attachment":[{"href":"https:\/\/konekt-art.pl\/index.php\/wp-json\/wp\/v2\/media?parent=2324"}],"curies":[{"name":"wp","href":"https:\/\/api.w.org\/{rel}","templated":true}]}}