{"id":2044,"date":"2021-04-09T19:50:44","date_gmt":"2021-04-09T17:50:44","guid":{"rendered":"http:\/\/konekt-art.pl\/?page_id=2044"},"modified":"2021-04-14T13:41:09","modified_gmt":"2021-04-14T11:41:09","slug":"o-nas","status":"publish","type":"page","link":"https:\/\/konekt-art.pl\/index.php\/o-nas\/","title":{"rendered":"O Nas"},"content":{"rendered":"<p>[vc_row][vc_column width=&#8221;1\/2&#8243;][vc_column_text]<\/p>\r\n<p>Jeste\u015bmy rodzinnym przedsi\u0119biorstwem, kt\u00f3re dzia\u0142a na rynku polskim od 1993 r. Za\u0142o\u017cycielem pierwszej firmy, Laparo Polska [Doma Laparo], jest Adam Popio\u0142ek.<\/p>\r\n<p>Od pocz\u0105tku naszej dzia\u0142alno\u015bci zajmujemy si\u0119 przede wszystkim produkcj\u0105 rolet (hurt i detal) oraz dystrybucj\u0105 innych wys\u0142on okiennych. \u015awiadczymy te\u017c us\u0142ugi naprawy, serwisu wszystkich wys\u0142on okiennych oraz regulacji stolarki okiennej.<\/p>\r\n<p>W miar\u0119 rozwoju firmy pojawi\u0142y si\u0119 du\u017ce zmiany. W 2009 roku firm\u0119 przej\u0119\u0142a c\u00f3rka, Aleksandra Popio\u0142ek, a przekszta\u0142cenie wi\u0105za\u0142o si\u0119 te\u017c ze zmian\u0105 nazwy firmy na Konekt-art i wprowadzeniem nowoczesnych rozwi\u0105za\u0144 do rodzinnego biznesu.<\/p>\r\n\r\n<p>Obecnie przedsi\u0119biorstwo jest nie tylko producentem rolet, plis i innych wys\u0142on, ale w swojej ofercie posiada r\u00f3wnie\u017c \u017caluzje drewniane, fasadowe, rolety zewn\u0119trzne tzw. antyw\u0142amaniowe. Szeroki wyb\u00f3r folii okiennych mlecznych oraz ochronnych oraz ogrod\u00f3w zimowych.<\/p>\r\n\r\n<p>Wszystkie produkty s\u0105 \u0142atwe i intuicyjne w obs\u0142udze, a dla wielu produkt\u00f3w zastosowano dodatkowo elektroniczne rozwi\u0105zane, kt\u00f3re mo\u017cna \u0142\u0105czy\u0107 z Inteligentnym Domem.<\/p>\r\n<p>Do dnia dzisiejszego, mimo zmiany w\u0142a\u015bciciela, za\u0142o\u017cyciel Adam Popio\u0142ek, nadal czynnie bierze czynny udzia\u0142 we wszystkich sprawach firmowych. Mo\u017cemy z ca\u0142\u0105 pewno\u015bci\u0105 powiedzie\u0107 ze jeste\u015bmy firm\u0105 rodzinn\u0105 z tradycjami.<\/p>\r\n<p>\u00a0<\/p>\r\n<p>[\/vc_column_text][\/vc_column][vc_column width=&#8221;1\/2&#8243;][vc_single_image image=&#8221;1933&#8243; img_size=&#8221;full&#8221;][\/vc_column][\/vc_row]<\/p>","protected":false},"excerpt":{"rendered":"<p>[vc_row][vc_column width=&#8221;1\/2&#8243;][vc_column_text] Jeste\u015bmy rodzinnym przedsi\u0119biorstwem, kt\u00f3re dzia\u0142a na rynku polskim od 1993 r. Za\u0142o\u017cycielem pierwszej firmy, Laparo Polska [Doma Laparo], jest Adam Popio\u0142ek. Od pocz\u0105tku naszej dzia\u0142alno\u015bci zajmujemy si\u0119 przede wszystkim produkcj\u0105 rolet (hurt i detal) oraz dystrybucj\u0105 innych wys\u0142on okiennych. \u015awiadczymy te\u017c us\u0142ugi naprawy, serwisu wszystkich wys\u0142on okiennych oraz regulacji stolarki okiennej. W miar\u0119&#8230; <\/p>\n","protected":false},"author":1,"featured_media":0,"parent":0,"menu_order":0,"comment_status":"closed","ping_status":"closed","template":"","meta":{"footnotes":""},"class_list":["post-2044","page","type-page","status-publish","hentry"],"featured_image_urls":{"full":"","thumbnail":"","medium":"","medium_large":"","large":"","1536x1536":"","2048x2048":"","homepage-thumb":""},"post_excerpt_stackable":"<p>[vc_row][vc_column width=&#8221;1\/2&#8243;][vc_column_text] Jeste\u015bmy rodzinnym przedsi\u0119biorstwem, kt\u00f3re dzia\u0142a na rynku polskim od 1993 r. Za\u0142o\u017cycielem pierwszej firmy, Laparo Polska [Doma Laparo], jest Adam Popio\u0142ek. Od pocz\u0105tku naszej dzia\u0142alno\u015bci zajmujemy si\u0119 przede wszystkim produkcj\u0105 rolet (hurt i detal) oraz dystrybucj\u0105 innych wys\u0142on okiennych. \u015awiadczymy te\u017c us\u0142ugi naprawy, serwisu wszystkich wys\u0142on okiennych oraz regulacji stolarki okiennej. W miar\u0119 rozwoju firmy pojawi\u0142y si\u0119 du\u017ce zmiany. W 2009 roku firm\u0119 przej\u0119\u0142a c\u00f3rka, Aleksandra Popio\u0142ek, a przekszta\u0142cenie wi\u0105za\u0142o si\u0119 te\u017c ze zmian\u0105 nazwy firmy na Konekt-art i wprowadzeniem nowoczesnych rozwi\u0105za\u0144 do rodzinnego biznesu. Obecnie przedsi\u0119biorstwo jest nie tylko producentem rolet, plis i innych wys\u0142on, ale w&hellip;<\/p>\n","category_list":"","author_info":{"name":"admin","url":"https:\/\/konekt-art.pl\/index.php\/author\/admin\/"},"comments_num":"0 comments","yoast_head":"<!-- This site is optimized with the Yoast SEO plugin v16.1.1 - https:\/\/yoast.com\/wordpress\/plugins\/seo\/ -->\n<title>O Nas - Konekt-art<\/title>\n<meta name=\"description\" content=\"Jeste\u015bmy rodzinnym przedsi\u0119biorstwem, kt\u00f3re dzia\u0142a od 1993 r. Konekt-Art prowadzi Aleksandra Popio\u0142ek producent rolet, plis, przys\u0142on.\" \/>\n<link rel=\"canonical\" href=\"https:\/\/konekt-art.pl\/index.php\/o-nas\/\" \/>\n<meta property=\"og:locale\" content=\"pl_PL\" \/>\n<meta property=\"og:type\" content=\"article\" \/>\n<meta property=\"og:title\" content=\"O Nas - Konekt-art\" \/>\n<meta property=\"og:description\" content=\"Jeste\u015bmy rodzinnym przedsi\u0119biorstwem, kt\u00f3re dzia\u0142a od 1993 r. Konekt-Art prowadzi Aleksandra Popio\u0142ek producent rolet, plis, przys\u0142on.\" \/>\n<meta property=\"og:url\" content=\"https:\/\/konekt-art.pl\/index.php\/o-nas\/\" \/>\n<meta property=\"og:site_name\" content=\"Konekt-art\" \/>\n<meta property=\"article:modified_time\" content=\"2021-04-14T11:41:09+00:00\" \/>\n<meta name=\"twitter:card\" content=\"summary_large_image\" \/>\n<meta name=\"twitter:label1\" content=\"Szacowany czas czytania\">\n\t<meta name=\"twitter:data1\" content=\"1 minuta\">\n<script type=\"application\/ld+json\" class=\"yoast-schema-graph\">{\"@context\":\"https:\/\/schema.org\",\"@graph\":[{\"@type\":\"WebSite\",\"@id\":\"https:\/\/konekt-art.pl\/#website\",\"url\":\"https:\/\/konekt-art.pl\/\",\"name\":\"Konekt-art\",\"description\":\"\",\"potentialAction\":[{\"@type\":\"SearchAction\",\"target\":\"https:\/\/konekt-art.pl\/?s={search_term_string}\",\"query-input\":\"required name=search_term_string\"}],\"inLanguage\":\"pl-PL\"},{\"@type\":\"WebPage\",\"@id\":\"https:\/\/konekt-art.pl\/index.php\/o-nas\/#webpage\",\"url\":\"https:\/\/konekt-art.pl\/index.php\/o-nas\/\",\"name\":\"O Nas - Konekt-art\",\"isPartOf\":{\"@id\":\"https:\/\/konekt-art.pl\/#website\"},\"datePublished\":\"2021-04-09T17:50:44+00:00\",\"dateModified\":\"2021-04-14T11:41:09+00:00\",\"description\":\"Jeste\\u015bmy rodzinnym przedsi\\u0119biorstwem, kt\\u00f3re dzia\\u0142a od 1993 r. Konekt-Art prowadzi Aleksandra Popio\\u0142ek producent rolet, plis, przys\\u0142on.\",\"breadcrumb\":{\"@id\":\"https:\/\/konekt-art.pl\/index.php\/o-nas\/#breadcrumb\"},\"inLanguage\":\"pl-PL\",\"potentialAction\":[{\"@type\":\"ReadAction\",\"target\":[\"https:\/\/konekt-art.pl\/index.php\/o-nas\/\"]}]},{\"@type\":\"BreadcrumbList\",\"@id\":\"https:\/\/konekt-art.pl\/index.php\/o-nas\/#breadcrumb\",\"itemListElement\":[{\"@type\":\"ListItem\",\"position\":1,\"item\":{\"@type\":\"WebPage\",\"@id\":\"https:\/\/konekt-art.pl\/\",\"url\":\"https:\/\/konekt-art.pl\/\",\"name\":\"Strona G\\u0142\\u00f3wna\"}},{\"@type\":\"ListItem\",\"position\":2,\"item\":{\"@type\":\"WebPage\",\"@id\":\"https:\/\/konekt-art.pl\/index.php\/o-nas\/\",\"url\":\"https:\/\/konekt-art.pl\/index.php\/o-nas\/\",\"name\":\"O Nas\"}}]}]}<\/script>\n<!-- \/ Yoast SEO plugin. -->","_links":{"self":[{"href":"https:\/\/konekt-art.pl\/index.php\/wp-json\/wp\/v2\/pages\/2044","targetHints":{"allow":["GET"]}}],"collection":[{"href":"https:\/\/konekt-art.pl\/index.php\/wp-json\/wp\/v2\/pages"}],"about":[{"href":"https:\/\/konekt-art.pl\/index.php\/wp-json\/wp\/v2\/types\/page"}],"author":[{"embeddable":true,"href":"https:\/\/konekt-art.pl\/index.php\/wp-json\/wp\/v2\/users\/1"}],"replies":[{"embeddable":true,"href":"https:\/\/konekt-art.pl\/index.php\/wp-json\/wp\/v2\/comments?post=2044"}],"version-history":[{"count":14,"href":"https:\/\/konekt-art.pl\/index.php\/wp-json\/wp\/v2\/pages\/2044\/revisions"}],"predecessor-version":[{"id":2294,"href":"https:\/\/konekt-art.pl\/index.php\/wp-json\/wp\/v2\/pages\/2044\/revisions\/2294"}],"wp:attachment":[{"href":"https:\/\/konekt-art.pl\/index.php\/wp-json\/wp\/v2\/media?parent=2044"}],"curies":[{"name":"wp","href":"https:\/\/api.w.org\/{rel}","templated":true}]}}